{"id":2,"date":"2012-05-02T07:58:29","date_gmt":"2012-05-02T07:58:29","guid":{"rendered":"http:\/\/foerderkreis-arco-iris.de\/?page_id=2"},"modified":"2024-12-06T07:19:09","modified_gmt":"2024-12-06T07:19:09","slug":"beispiel-seite","status":"publish","type":"page","link":"http:\/\/foerderkreis-arco-iris.de\/","title":{"rendered":"F\u00f6rderverein f\u00fcr Stra\u00dfenkinder in Bolivien"},"content":{"rendered":"<div id=\"pl-2\"  class=\"panel-layout\" ><div id=\"pg-2-0\"  class=\"panel-grid panel-has-style\" ><div style=\"padding-top: 30px; padding-bottom: 30px; \" class=\"panel-row-style panel-row-style-for-2-0\" ><div id=\"pgc-2-0-0\"  class=\"panel-grid-cell\" ><div id=\"panel-2-0-0-0\" class=\"widget_text so-panel widget widget_custom_html panel-first-child panel-last-child\" data-index=\"0\" ><h3 class=\"widget-title\">F\u00f6rderkreis Arco Iris der Pfarrgemeinde Steinau\/Steinhaus e.V.<\/h3><div class=\"textwidget custom-html-widget\"><p>&nbsp;<\/p><p>Der deutsche Pfarrer Josef&nbsp;M. Neuenhofer<img loading=\"lazy\" decoding=\"async\" class=\"alignright size-full wp-image-29\" style=\"color: #333333; font-style: normal; line-height: 24px;\" title=\"maedchenkappe\" src=\"http:\/\/foerderkreis-arco-iris.de\/wp-content\/uploads\/2012\/05\/maedchenkappe.jpg\" alt=\"\" width=\"212\" height=\"310\" srcset=\"http:\/\/foerderkreis-arco-iris.de\/wp-content\/uploads\/2012\/05\/maedchenkappe.jpg 212w, http:\/\/foerderkreis-arco-iris.de\/wp-content\/uploads\/2012\/05\/maedchenkappe-205x300.jpg 205w\" sizes=\"auto, (max-width: 212px) 100vw, 212px\" \/><br> gr\u00fcndete&nbsp;1994 im Auftrag der katholischen&nbsp;Kirche die&nbsp;<strong><strong>Fundacion Arco Iris.<\/strong><\/strong><br> Eine Einrichtung in La Paz, Bolivien, die Stra\u00dfenkindern, verwahrlosten Jugendlichen und Kindern von Strafgefangenen eine&nbsp;Heimat bietet.<\/p><p>Unser Verein, der&nbsp;<strong>F\u00f6<\/strong><strong>rderkreis Arco Iris der Pfarrgemeinde Steinhaus\/Steinau&nbsp;e.V.&nbsp;&nbsp;<\/strong>hat es sich zur Aufgabe gemacht diese Einrichtung zu unterst\u00fctzen.<br> <strong>&nbsp;<\/strong><\/p><\/div><\/div><\/div><\/div><\/div><div id=\"pg-2-1\"  class=\"panel-grid panel-has-style\" ><div style=\"padding-top: 30px; padding-bottom: 30px; \" class=\"panel-row-style panel-row-style-for-2-1\" ><div id=\"pgc-2-1-0\"  class=\"panel-grid-cell\" ><div id=\"panel-2-1-0-0\" class=\"widget_text so-panel widget widget_custom_html panel-first-child panel-last-child\" data-index=\"1\" ><h3 class=\"widget-title\">Aktueller Veranstaltungshinweis<\/h3><div class=\"textwidget custom-html-widget\"><p>&nbsp;<\/p><p><a href=\"http:\/\/foerderkreis-arco-iris.de\/index.php\/weihnachtsmarkt-2024\/\"><img loading=\"lazy\" width=\"710\" height=\"432\" src=\"https:\/\/foerderkreis-arco-iris.de\/wp-content\/uploads\/2024\/11\/Beitragsbild.png\" class=\"attachment-greatmag-single size-greatmag-single wp-post-image\" alt=\"\" decoding=\"async\"> <\/a><\/p>\n<\/div><\/div><\/div><\/div><\/div><div id=\"pg-2-2\"  class=\"panel-grid panel-has-style\" ><div class=\"siteorigin-panels-stretch panel-row-style panel-row-style-for-2-2\" style=\"padding-top: 30px; padding-bottom: 30px; \" data-stretch-type=\"full\" ><div id=\"pgc-2-2-0\"  class=\"panel-grid-cell\" >\t\t<div id=\"panel-2-2-0-0\" class=\"so-panel widget widget_athemes-featured-posts-type-a athemes_featured_posts_type_a panel-first-child panel-last-child\" data-index=\"2\" >\n\t\t<div class=\"sticky-posts-blocks sticky-posts isotope-gallery\">\n\t\t\t<div class=\"col-sm-3 grid-sizer\"><\/div>\n\n\t\t\t\t\n\t\t\t\t\t\t\t\t\t\t\t\t\t\t\t<div class=\"col-sm-6 col-md-3 featured-item sticky-post post sticky-post-style2\">\n\t\t\t\t\t<img loading=\"lazy\" decoding=\"async\" width=\"567\" height=\"425\" src=\"http:\/\/foerderkreis-arco-iris.de\/wp-content\/uploads\/2015\/07\/img_20150625_120216.jpg\" class=\"attachment-greatmag-featured-c size-greatmag-featured-c wp-post-image\" alt=\"\" srcset=\"http:\/\/foerderkreis-arco-iris.de\/wp-content\/uploads\/2015\/07\/img_20150625_120216.jpg 4160w, http:\/\/foerderkreis-arco-iris.de\/wp-content\/uploads\/2015\/07\/img_20150625_120216-300x225.jpg 300w, http:\/\/foerderkreis-arco-iris.de\/wp-content\/uploads\/2015\/07\/img_20150625_120216-1024x768.jpg 1024w, http:\/\/foerderkreis-arco-iris.de\/wp-content\/uploads\/2015\/07\/img_20150625_120216-190x143.jpg 190w, http:\/\/foerderkreis-arco-iris.de\/wp-content\/uploads\/2015\/07\/img_20150625_120216-60x45.jpg 60w, http:\/\/foerderkreis-arco-iris.de\/wp-content\/uploads\/2015\/07\/img_20150625_120216-400x300.jpg 400w\" sizes=\"auto, (max-width: 567px) 100vw, 567px\" \/>\t\t\t\t\t<a class=\"featured-post-link\" href=\"http:\/\/foerderkreis-arco-iris.de\/index.php\/die-zeit-rennt\/\"><\/a>\n\t\t\t\t\t<div class=\"this-contents\">\n\t\t\t\t\t\t<h6 class=\"post-cat big-bline\"><span class=\"ispan\"><a  data-color=\"#908e8e\" style=\"color:#908e8e;\" href=\"http:\/\/foerderkreis-arco-iris.de\/index.php\/category\/carina-berichtet-aus-bolivien\/\" title=\"Carina berichtet aus Bolivien\">Carina berichtet aus Bolivien<\/a><span style=\"background-color:#908e8e;\"><\/span><\/span><\/h6>\n\t\t\t\t\t\t<a href=\"http:\/\/foerderkreis-arco-iris.de\/index.php\/die-zeit-rennt\/\" class=\"post-title-standard\">Die Zeit rennt!<\/a>\n\t\t\t\t\t\t\t\t\t\t\t<\/div>\n\t\t\t\t<\/div>\n\t\t\t\t\t\t\t\t\t\n\n\t\t\t\t\t\t\t\t\t\t\t\t\t\t\t\t\t\t<div class=\"col-sm-6 col-md-6 featured-item sticky-post post sticky-post-style2\">\n\t\t\t\t\t<img loading=\"lazy\" decoding=\"async\" width=\"1133\" height=\"850\" src=\"http:\/\/foerderkreis-arco-iris.de\/wp-content\/uploads\/2015\/01\/dscn1338.jpg\" class=\"attachment-greatmag-featured-a size-greatmag-featured-a wp-post-image\" alt=\"\" srcset=\"http:\/\/foerderkreis-arco-iris.de\/wp-content\/uploads\/2015\/01\/dscn1338.jpg 4608w, http:\/\/foerderkreis-arco-iris.de\/wp-content\/uploads\/2015\/01\/dscn1338-300x225.jpg 300w, http:\/\/foerderkreis-arco-iris.de\/wp-content\/uploads\/2015\/01\/dscn1338-1024x768.jpg 1024w, http:\/\/foerderkreis-arco-iris.de\/wp-content\/uploads\/2015\/01\/dscn1338-190x142.jpg 190w, http:\/\/foerderkreis-arco-iris.de\/wp-content\/uploads\/2015\/01\/dscn1338-60x45.jpg 60w, http:\/\/foerderkreis-arco-iris.de\/wp-content\/uploads\/2015\/01\/dscn1338-400x300.jpg 400w\" sizes=\"auto, (max-width: 1133px) 100vw, 1133px\" \/>\t\t\t\t\t<a class=\"featured-post-link\" href=\"http:\/\/foerderkreis-arco-iris.de\/index.php\/prospero-ano-nuevo\/\"><\/a>\n\t\t\t\t\t<div class=\"this-contents\">\n\t\t\t\t\t\t<h6 class=\"post-cat big-bline\"><span class=\"ispan\"><a  data-color=\"#908e8e\" style=\"color:#908e8e;\" href=\"http:\/\/foerderkreis-arco-iris.de\/index.php\/category\/carina-berichtet-aus-bolivien\/\" title=\"Carina berichtet aus Bolivien\">Carina berichtet aus Bolivien<\/a><span style=\"background-color:#908e8e;\"><\/span><\/span><\/h6>\n\t\t\t\t\t\t<a href=\"http:\/\/foerderkreis-arco-iris.de\/index.php\/prospero-ano-nuevo\/\" class=\"post-title-big\">Prospero ano nuevo!<\/a>\n\t\t\t\t\t\t<h5 class=\"post-meta\"><a href=\"http:\/\/foerderkreis-arco-iris.de\/index.php\/author\/carina\/\" class=\"author\">Carina<\/a>  -  <a href=\"http:\/\/foerderkreis-arco-iris.de\/index.php\/prospero-ano-nuevo\/\" class=\"date\">10. Januar 2015<\/a><\/h5>\t\t\t\t\t<\/div>\n\t\t\t\t<\/div>\n\t\t\t\t\t\t\t\t\t\n\n\t\t\t\t\t\t\t\t\t\t\t\t\t\t\t\t\t\t<div class=\"col-sm-6 col-md-3 featured-item sticky-post post sticky-post-style2\">\n\t\t\t\t\t<img loading=\"lazy\" decoding=\"async\" width=\"363\" height=\"272\" src=\"http:\/\/foerderkreis-arco-iris.de\/wp-content\/uploads\/2014\/12\/altar.jpg\" class=\"attachment-greatmag-featured-c size-greatmag-featured-c wp-post-image\" alt=\"\" srcset=\"http:\/\/foerderkreis-arco-iris.de\/wp-content\/uploads\/2014\/12\/altar.jpg 363w, http:\/\/foerderkreis-arco-iris.de\/wp-content\/uploads\/2014\/12\/altar-300x224.jpg 300w, http:\/\/foerderkreis-arco-iris.de\/wp-content\/uploads\/2014\/12\/altar-190x142.jpg 190w, http:\/\/foerderkreis-arco-iris.de\/wp-content\/uploads\/2014\/12\/altar-60x44.jpg 60w\" sizes=\"auto, (max-width: 363px) 100vw, 363px\" \/>\t\t\t\t\t<a class=\"featured-post-link\" href=\"http:\/\/foerderkreis-arco-iris.de\/index.php\/unser-taegliches-brot-gib-uns-heute\/\"><\/a>\n\t\t\t\t\t<div class=\"this-contents\">\n\t\t\t\t\t\t<h6 class=\"post-cat big-bline\"><span class=\"ispan\"><a  data-color=\"#908e8e\" style=\"color:#908e8e;\" href=\"http:\/\/foerderkreis-arco-iris.de\/index.php\/category\/carina-berichtet-aus-bolivien\/\" title=\"Carina berichtet aus Bolivien\">Carina berichtet aus Bolivien<\/a><span style=\"background-color:#908e8e;\"><\/span><\/span><\/h6>\n\t\t\t\t\t\t<a href=\"http:\/\/foerderkreis-arco-iris.de\/index.php\/unser-taegliches-brot-gib-uns-heute\/\" class=\"post-title-standard\">&#8220; .. unser t\u00e4gliches Brot gib&#8216; uns heute .. &#8220;<\/a>\n\t\t\t\t\t\t\t\t\t\t\t<\/div>\n\t\t\t\t<\/div>\n\t\t\t\t\t\t\t\t\t\n\n\t\t\t\t\t\t\t\t\t\t\t\t\t\t\t\t\t\t<div class=\"col-sm-6 col-md-3 featured-item sticky-post post sticky-post-style2\">\n\t\t\t\t\t<img loading=\"lazy\" decoding=\"async\" width=\"567\" height=\"425\" src=\"http:\/\/foerderkreis-arco-iris.de\/wp-content\/uploads\/2014\/09\/dscn0831.jpg\" class=\"attachment-greatmag-featured-c size-greatmag-featured-c wp-post-image\" alt=\"\" srcset=\"http:\/\/foerderkreis-arco-iris.de\/wp-content\/uploads\/2014\/09\/dscn0831.jpg 4608w, http:\/\/foerderkreis-arco-iris.de\/wp-content\/uploads\/2014\/09\/dscn0831-300x225.jpg 300w, http:\/\/foerderkreis-arco-iris.de\/wp-content\/uploads\/2014\/09\/dscn0831-1024x768.jpg 1024w, http:\/\/foerderkreis-arco-iris.de\/wp-content\/uploads\/2014\/09\/dscn0831-190x142.jpg 190w, http:\/\/foerderkreis-arco-iris.de\/wp-content\/uploads\/2014\/09\/dscn0831-60x45.jpg 60w, http:\/\/foerderkreis-arco-iris.de\/wp-content\/uploads\/2014\/09\/dscn0831-400x300.jpg 400w\" sizes=\"auto, (max-width: 567px) 100vw, 567px\" \/>\t\t\t\t\t<a class=\"featured-post-link\" href=\"http:\/\/foerderkreis-arco-iris.de\/index.php\/748\/\"><\/a>\n\t\t\t\t\t<div class=\"this-contents\">\n\t\t\t\t\t\t<h6 class=\"post-cat big-bline\"><span class=\"ispan\"><a  data-color=\"#908e8e\" style=\"color:#908e8e;\" href=\"http:\/\/foerderkreis-arco-iris.de\/index.php\/category\/carina-berichtet-aus-bolivien\/\" title=\"Carina berichtet aus Bolivien\">Carina berichtet aus Bolivien<\/a><span style=\"background-color:#908e8e;\"><\/span><\/span><\/h6>\n\t\t\t\t\t\t<a href=\"http:\/\/foerderkreis-arco-iris.de\/index.php\/748\/\" class=\"post-title-standard\">Meine ersten Arbeitswochen<\/a>\n\t\t\t\t\t\t\t\t\t\t\t<\/div>\n\t\t\t\t<\/div>\n\t\t\t\t\t\t\t\t\t\n\n\t\t\t\t\t\t\t\t\t\t\t\t\t\t\t\t\t\t<div class=\"col-sm-6 col-md-3 featured-item sticky-post post sticky-post-style2\">\n\t\t\t\t\t<img loading=\"lazy\" decoding=\"async\" width=\"567\" height=\"425\" src=\"http:\/\/foerderkreis-arco-iris.de\/wp-content\/uploads\/2014\/08\/dscn0484.jpg\" class=\"attachment-greatmag-featured-c size-greatmag-featured-c wp-post-image\" alt=\"\" srcset=\"http:\/\/foerderkreis-arco-iris.de\/wp-content\/uploads\/2014\/08\/dscn0484.jpg 4608w, http:\/\/foerderkreis-arco-iris.de\/wp-content\/uploads\/2014\/08\/dscn0484-300x225.jpg 300w, http:\/\/foerderkreis-arco-iris.de\/wp-content\/uploads\/2014\/08\/dscn0484-1024x768.jpg 1024w, http:\/\/foerderkreis-arco-iris.de\/wp-content\/uploads\/2014\/08\/dscn0484-600x450.jpg 600w, http:\/\/foerderkreis-arco-iris.de\/wp-content\/uploads\/2014\/08\/dscn0484-190x142.jpg 190w, http:\/\/foerderkreis-arco-iris.de\/wp-content\/uploads\/2014\/08\/dscn0484-60x45.jpg 60w, http:\/\/foerderkreis-arco-iris.de\/wp-content\/uploads\/2014\/08\/dscn0484-400x300.jpg 400w\" sizes=\"auto, (max-width: 567px) 100vw, 567px\" \/>\t\t\t\t\t<a class=\"featured-post-link\" href=\"http:\/\/foerderkreis-arco-iris.de\/index.php\/732\/\"><\/a>\n\t\t\t\t\t<div class=\"this-contents\">\n\t\t\t\t\t\t<h6 class=\"post-cat big-bline\"><span class=\"ispan\"><a  data-color=\"#908e8e\" style=\"color:#908e8e;\" href=\"http:\/\/foerderkreis-arco-iris.de\/index.php\/category\/carina-berichtet-aus-bolivien\/\" title=\"Carina berichtet aus Bolivien\">Carina berichtet aus Bolivien<\/a><span style=\"background-color:#908e8e;\"><\/span><\/span><\/h6>\n\t\t\t\t\t\t<a href=\"http:\/\/foerderkreis-arco-iris.de\/index.php\/732\/\" class=\"post-title-standard\">Sch\u00f6ne neue Welt?<\/a>\n\t\t\t\t\t\t\t\t\t\t\t<\/div>\n\t\t\t\t<\/div>\n\t\t\t\t\t\t\t\t\t\n\n\t\t\t\t\t\t\t\t<\/div>\n\n\t\t<\/div>\n\t\t<\/div><\/div><\/div><\/div>","protected":false},"excerpt":{"rendered":"<p>Hallo an alle!<\/p>\n<p>Nachdem seit meinem letzten Blogeintrag schon einige Zeit vergangen ist, habe ich nun endlich wieder die Zeit gefunden, um euch mit dem Neusten aus der Millionenstadt La Paz zu versorgen.<\/p>\n<p>Seit drei Wochen bin ich jetzt schon hier, aber mir kommt es vor wie Monate, weil man hier t\u00e4glich einfach so viel erlebt! Oftmals wenn ich aus dem Fenster schaue oder durch La Paz laufe, bin ich immer noch so fasziniert von dem Anblick den La Paz in seinem Talkessel bietet. Vor allem bei Nacht!<br \/>\nBeeindruckender noch als La Paz selbst ist die Natur die das Land Bolivien zu bieten hat. Unglaublich, dass man nur ca. 10 Minuten fahren muss um aus der Millionenstadt La Paz um in mitten bilderbuch Natur wandern gehen zu k\u00f6nnen. Das nutzen einige meiner Mitvolunt\u00e4re und ich nat\u00fcrlich aus und sind so am Wochenende oft unterwegs. <a href=\"http:\/\/foerderkreis-arco-iris.de\/#more-2\" class=\"more-link\"><span aria-label=\"F\u00f6rderverein f\u00fcr Stra\u00dfenkinder in Bolivien weiterlesen\">(mehr\u00a0&hellip;)<\/span><\/a><\/p>\n","protected":false},"author":1,"featured_media":0,"parent":0,"menu_order":0,"comment_status":"closed","ping_status":"closed","template":"page-templates\/template_fullwidth.php","meta":{"ngg_post_thumbnail":0,"footnotes":""},"class_list":["post-2","page","type-page","status-publish","hentry","col-sm-6"],"_links":{"self":[{"href":"http:\/\/foerderkreis-arco-iris.de\/index.php\/wp-json\/wp\/v2\/pages\/2","targetHints":{"allow":["GET"]}}],"collection":[{"href":"http:\/\/foerderkreis-arco-iris.de\/index.php\/wp-json\/wp\/v2\/pages"}],"about":[{"href":"http:\/\/foerderkreis-arco-iris.de\/index.php\/wp-json\/wp\/v2\/types\/page"}],"author":[{"embeddable":true,"href":"http:\/\/foerderkreis-arco-iris.de\/index.php\/wp-json\/wp\/v2\/users\/1"}],"replies":[{"embeddable":true,"href":"http:\/\/foerderkreis-arco-iris.de\/index.php\/wp-json\/wp\/v2\/comments?post=2"}],"version-history":[{"count":0,"href":"http:\/\/foerderkreis-arco-iris.de\/index.php\/wp-json\/wp\/v2\/pages\/2\/revisions"}],"wp:attachment":[{"href":"http:\/\/foerderkreis-arco-iris.de\/index.php\/wp-json\/wp\/v2\/media?parent=2"}],"curies":[{"name":"wp","href":"https:\/\/api.w.org\/{rel}","templated":true}]}}